{"id":3,"date":"2020-10-29T18:57:09","date_gmt":"2020-10-29T18:57:09","guid":{"rendered":"https:\/\/progatbadia.org\/?page_id=3"},"modified":"2020-12-09T18:13:51","modified_gmt":"2020-12-09T18:13:51","slug":"privacy-policy","status":"publish","type":"page","link":"https:\/\/progatbadia.org\/index.php\/privacy-policy\/","title":{"rendered":"Aviso Legal y Pol\u00edtica de Privacidad"},"content":{"rendered":"<p>[et_pb_section fb_built=\u00bb1&#8243; _builder_version=\u00bb3.22&#8243;][et_pb_row _builder_version=\u00bb3.25&#8243; background_size=\u00bbinitial\u00bb background_position=\u00bbtop_left\u00bb background_repeat=\u00bbrepeat\u00bb][et_pb_column type=\u00bb4_4&#8243; _builder_version=\u00bb3.25&#8243; custom_padding=\u00bb|||\u00bb custom_padding__hover=\u00bb|||\u00bb][et_pb_text _builder_version=\u00bb4.7.4&#8243; background_size=\u00bbinitial\u00bb background_position=\u00bbtop_left\u00bb background_repeat=\u00bbrepeat\u00bb custom_padding=\u00bb||0px|||\u00bb]<\/p>\n<p><strong>AVISO LEGAL Y POL\u00cdTICA DE PRIVACIDAD<\/strong><\/p>\n<p>La confidencialidad y la seguridad son valores primordiales de\u00a0Progat Badia del Vall\u00e8s\u00a0y, en consecuencia, asumimos el compromiso de garantizar la privacidad del Usuario en todo momento y de no recabar informaci\u00f3n innecesaria tal y como establece el Reglamento (UE) 2016\/679 del Parlamento Europeo y el Consejo de 27 de abril de 2016 relativo a la protecci\u00f3n de las personas f\u00edsicas en lo que respecta al tratamiento de datos personales y a la libre circulaci\u00f3n de estos datos y por el que se deroga la Directiva 95\/46\/CE (Reglamento general de protecci\u00f3n de datos).<\/p>\n<p>A continuaci\u00f3n, le proporcionamos toda la informaci\u00f3n necesaria sobre nuestra Pol\u00edtica de Privacidad en relaci\u00f3n con los datos personales que recabamos, explic\u00e1ndole:<\/p>\n<p>&nbsp;<\/p>\n<p><strong>1.- Responsable<\/strong>:<\/p>\n<p>Progat Badia del Vall\u00e8s &#8211; G67610634<\/p>\n<p>C\/Santander<\/p>\n<p>08214 Badia del Vall\u00e8s, Barcelona<\/p>\n<p>progatbadia@gmail.com<\/p>\n<p>&nbsp;<\/p>\n<p><strong>2.- Finalidades, legitimaci\u00f3n y conservaci\u00f3n de los tratamientos de los datos enviados a trav\u00e9s de<\/strong>:<\/p>\n<ul>\n<li><em>FORMULARIO DE CONTACTO.<\/em><\/li>\n<\/ul>\n<p><strong>Finalidad:<\/strong>\u00a0Facilitarle un medio para que pueda ponerse en contacto con nosotros y contestar a sus solicitudes de informaci\u00f3n, as\u00ed como enviarle comunicaciones de nuestros productos, servicios y actividades, inclusive por medios electr\u00f3nicos (Correo electr\u00f3nico, SMS, WhatsApp), si marca la casilla de aceptaci\u00f3n.<\/p>\n<p><strong>Legitimaci\u00f3n:<\/strong>\u00a0El consentimiento del usuario al solicitarnos informaci\u00f3n a trav\u00e9s de nuestro formulario de contactos y al marcar la casilla de aceptaci\u00f3n de env\u00edo de informaci\u00f3n.<\/p>\n<p><strong>Conservaci\u00f3n:<\/strong>\u00a0Hasta una vez resulta su solicitud por medio de nuestro formulario o contestada por correo electr\u00f3nico, si no ha generado un nuevo tratamiento. En caso de haber aceptado recibir env\u00edos comerciales, hasta que solicite la baja de los mismos.<\/p>\n<p>&nbsp;<\/p>\n<ul>\n<li><em>ENV\u00cdO DE CORREOS ELECTR\u00d3<\/em><\/li>\n<\/ul>\n<p><strong>Finalidad:<\/strong>\u00a0Contestar a sus solicitudes de informaci\u00f3n, atender sus peticiones y responder sus consultas o dudas.<\/p>\n<p><strong>Legitimaci\u00f3<\/strong><strong>n:<\/strong>\u00a0El consentimiento del usuario al solicitarnos informaci\u00f3n a trav\u00e9s de la direcci\u00f3n de correo electr\u00f3nico.<\/p>\n<p><strong>Conservaci<\/strong><strong>\u00f3<\/strong><strong>n:<\/strong>\u00a0Una vez resulta contestada su petici\u00f3n por correo electr\u00f3nico, si no ha generado un nuevo tratamiento.<\/p>\n<p>&nbsp;<\/p>\n<p><strong>3.- Obligaci\u00f3n de facilitarnos sus datos personales y consecuencias de no hacerlo.<\/strong><\/p>\n<p>El suministro de datos personales requiere una edad m\u00ednima de 14 a\u00f1os, o en su caso, disponer de capacidad jur\u00eddica suficiente para contratar.<\/p>\n<p>Los datos personales solicitados son necesarios para gestionar sus solicitudes y\/o prestarle los servicios que pueda contratar, por lo que, si no nos los facilita, no podremos atenderle correctamente ni prestarle el servicio que ha solicitado.<\/p>\n<p>&nbsp;<\/p>\n<p><strong>4.-Destinatarios de sus datos<\/strong><\/p>\n<p>Sus datos son confidenciales y no se ceder\u00e1n a terceros, salvo que exista obligaci\u00f3n legal.<\/p>\n<p>&nbsp;<\/p>\n<p><strong>5.- Derechos en relaci\u00f3n con sus datos personales<\/strong><\/p>\n<p>Cualquier persona puede retirar su consentimiento en cualquier momento, cuando el mismo se haya otorgado para el tratamiento de sus datos. En ning\u00fan caso, la retirada de este consentimiento condiciona la ejecuci\u00f3n del contrato de suscripci\u00f3n o las relaciones generadas con anterioridad.<\/p>\n<p>Igualmente, puede ejercer los siguientes derechos:<\/p>\n<ul>\n<li>Solicitar el acceso a sus datos personales o su rectificaci\u00f3n cuando sean inexactos.<\/li>\n<li>Solicitar su supresi\u00f3n cuando, entre otros motivos, los datos ya no sean necesarios para los fines para los que fueron recogidos.<\/li>\n<li>Solicitar la limitaci\u00f3n de su tratamiento en determinadas circunstancias.<\/li>\n<li>Solicitar la oposici\u00f3n al tratamiento de sus datos por motivos relacionados con su situaci\u00f3n particular.<\/li>\n<li>Solicitar la portabilidad de los datos en los casos previstos en la normativa.<\/li>\n<li>Otros derechos reconocidos en las normativas aplicables.<\/li>\n<\/ul>\n<p>&nbsp;<\/p>\n<p>D\u00f3nde y c\u00f3mo solicitar sus Derechos: Mediante un escrito dirigido al responsable a su progatbadia@gmail.com, indicando la referencia \u201cDatos Personales\u201d, especificando el derecho que se quiere ejercer y respecto a qu\u00e9 datos personales.<\/p>\n<p>En caso de divergencias con la empresa en relaci\u00f3n con el tratamiento de sus datos, puede presentar una reclamaci\u00f3n ante la Autoridad de Protecci\u00f3n de Datos (<a href=\"http:\/\/www.agpd.es\/\">www.agpd.es<\/a>).<\/p>\n<p>[\/et_pb_text][et_pb_text module_id=\u00bbcookies\u00bb _builder_version=\u00bb4.7.4&#8243; _module_preset=\u00bbdefault\u00bb]<\/p>\n<p><strong>INFORMACI\u00d3N DEL USO DE COOKIES<\/strong><\/p>\n<p>Las cookies son breves informaciones que se env\u00edan y almacenan en el disco duro del ordenador del usuario a trav\u00e9s de su navegador cuando \u00e9ste se conecta a una web. Las cookies se pueden utilizar para recabar y almacenar datos del usuario mientras est\u00e1 conectado para facilitarle los servicios solicitados y que no se suelen conservar (Cookies de sesi\u00f3n), o para conservar los datos del usuario para otro tipo de servicios futuros y que se pueden conservar por tiempo indefinido (Cookies persistentes). Las cookies pueden ser propias o de terceros.<\/p>\n<p>Esta p\u00e1gina web, \u00fanicamente utiliza cookies t\u00e9cnicas, de personalizaci\u00f3n y an\u00e1lisis, propias y de terceros (Google Analytics), que en ning\u00fan caso tratan datos de car\u00e1cter personal ni captan h\u00e1bitos de navegaci\u00f3n para fines publicitarios.<\/p>\n<p>Por ello, al acceder a nuestra web, en cumplimiento del art\u00edculo 22 de la Ley de Servicios de la Sociedad de la Informaci\u00f3n, al tratar cookies de an\u00e1lisis, le hemos solicitado su consentimiento para su uso y facilitado informaci\u00f3n de las mismas, que en todo caso se instalar\u00e1n pasado un plazo de tiempo prudencial para que el usuario tenga tiempo de decidir prestar su consentimiento o no.<\/p>\n<p>[\/et_pb_text][\/et_pb_column][\/et_pb_row][et_pb_row column_structure=\u00bb1_2,1_2&#8243; _builder_version=\u00bb4.7.4&#8243; _module_preset=\u00bbdefault\u00bb custom_margin=\u00bb||||false|false\u00bb custom_padding=\u00bb||||false|false\u00bb][et_pb_column type=\u00bb1_2&#8243; _builder_version=\u00bb4.7.4&#8243; _module_preset=\u00bbdefault\u00bb custom_padding=\u00bb||||false|false\u00bb][et_pb_button button_url=\u00bbhttps:\/\/progatbadia.org\/wp-content\/uploads\/2020\/12\/AVISO-LEGAL-Y-POLITICA-DE-PRIVACIDAD.pdf\u00bb button_text=\u00bbPDF Aviso legal\u00bb _builder_version=\u00bb4.7.4&#8243; _module_preset=\u00bbdefault\u00bb hover_enabled=\u00bb0&#8243; sticky_enabled=\u00bb0&#8243; custom_margin=\u00bb||||false|false\u00bb custom_padding=\u00bb||||false|false\u00bb][\/et_pb_button][\/et_pb_column][et_pb_column _builder_version=\u00bb4.7.4&#8243; _module_preset=\u00bbdefault\u00bb type=\u00bb1_2&#8243;][et_pb_button button_url=\u00bbhttps:\/\/progatbadia.org\/wp-content\/uploads\/2020\/12\/INFORMACION-DEL-USO-DE-COOKIES.pdf\u00bb button_text=\u00bbPDF Pol\u00edtica de cookies\u00bb _builder_version=\u00bb4.7.4&#8243; _module_preset=\u00bbdefault\u00bb hover_enabled=\u00bb0&#8243; sticky_enabled=\u00bb0&#8243;][\/et_pb_button][\/et_pb_column][\/et_pb_row][\/et_pb_section]<\/p>\n","protected":false},"excerpt":{"rendered":"<p>AVISO LEGAL Y POL\u00cdTICA DE PRIVACIDAD La confidencialidad y la seguridad son valores primordiales de\u00a0Progat Badia del Vall\u00e8s\u00a0y, en consecuencia, asumimos el compromiso de garantizar la privacidad del Usuario en todo momento y de no recabar informaci\u00f3n innecesaria tal y como establece el Reglamento (UE) 2016\/679 del Parlamento Europeo y el Consejo de 27 de [&hellip;]<\/p>\n","protected":false},"author":1,"featured_media":0,"parent":0,"menu_order":0,"comment_status":"closed","ping_status":"open","template":"","meta":{"_et_pb_use_builder":"on","_et_pb_old_content":"<!-- wp:heading --><h2>Who we are<\/h2><!-- \/wp:heading --><!-- wp:paragraph --><p>Our website address is: https:\/\/progatbadia.org.<\/p><!-- \/wp:paragraph --><!-- wp:heading --><h2>What personal data we collect and why we collect it<\/h2><!-- \/wp:heading --><!-- wp:heading {\"level\":3} --><h3>Comments<\/h3><!-- \/wp:heading --><!-- wp:paragraph --><p>When visitors leave comments on the site we collect the data shown in the comments form, and also the visitor\u2019s IP address and browser user agent string to help spam detection.<\/p><!-- \/wp:paragraph --><!-- wp:paragraph --><p>An anonymized string created from your email address (also called a hash) may be provided to the Gravatar service to see if you are using it. The Gravatar service privacy policy is available here: https:\/\/automattic.com\/privacy\/. After approval of your comment, your profile picture is visible to the public in the context of your comment.<\/p><!-- \/wp:paragraph --><!-- wp:heading {\"level\":3} --><h3>Media<\/h3><!-- \/wp:heading --><!-- wp:paragraph --><p>If you upload images to the website, you should avoid uploading images with embedded location data (EXIF GPS) included. Visitors to the website can download and extract any location data from images on the website.<\/p><!-- \/wp:paragraph --><!-- wp:heading {\"level\":3} --><h3>Contact forms<\/h3><!-- \/wp:heading --><!-- wp:heading {\"level\":3} --><h3>Cookies<\/h3><!-- \/wp:heading --><!-- wp:paragraph --><p>If you leave a comment on our site you may opt-in to saving your name, email address and website in cookies. These are for your convenience so that you do not have to fill in your details again when you leave another comment. These cookies will last for one year.<\/p><!-- \/wp:paragraph --><!-- wp:paragraph --><p>If you visit our login page, we will set a temporary cookie to determine if your browser accepts cookies. This cookie contains no personal data and is discarded when you close your browser.<\/p><!-- \/wp:paragraph --><!-- wp:paragraph --><p>When you log in, we will also set up several cookies to save your login information and your screen display choices. Login cookies last for two days, and screen options cookies last for a year. If you select \"Remember Me\", your login will persist for two weeks. If you log out of your account, the login cookies will be removed.<\/p><!-- \/wp:paragraph --><!-- wp:paragraph --><p>If you edit or publish an article, an additional cookie will be saved in your browser. This cookie includes no personal data and simply indicates the post ID of the article you just edited. It expires after 1 day.<\/p><!-- \/wp:paragraph --><!-- wp:heading {\"level\":3} --><h3>Embedded content from other websites<\/h3><!-- \/wp:heading --><!-- wp:paragraph --><p>Articles on this site may include embedded content (e.g. videos, images, articles, etc.). Embedded content from other websites behaves in the exact same way as if the visitor has visited the other website.<\/p><!-- \/wp:paragraph --><!-- wp:paragraph --><p>These websites may collect data about you, use cookies, embed additional third-party tracking, and monitor your interaction with that embedded content, including tracking your interaction with the embedded content if you have an account and are logged in to that website.<\/p><!-- \/wp:paragraph --><!-- wp:heading {\"level\":3} --><h3>Analytics<\/h3><!-- \/wp:heading --><!-- wp:heading --><h2>Who we share your data with<\/h2><!-- \/wp:heading --><!-- wp:heading --><h2>How long we retain your data<\/h2><!-- \/wp:heading --><!-- wp:paragraph --><p>If you leave a comment, the comment and its metadata are retained indefinitely. This is so we can recognize and approve any follow-up comments automatically instead of holding them in a moderation queue.<\/p><!-- \/wp:paragraph --><!-- wp:paragraph --><p>For users that register on our website (if any), we also store the personal information they provide in their user profile. All users can see, edit, or delete their personal information at any time (except they cannot change their username). Website administrators can also see and edit that information.<\/p><!-- \/wp:paragraph --><!-- wp:heading --><h2>What rights you have over your data<\/h2><!-- \/wp:heading --><!-- wp:paragraph --><p>If you have an account on this site, or have left comments, you can request to receive an exported file of the personal data we hold about you, including any data you have provided to us. You can also request that we erase any personal data we hold about you. This does not include any data we are obliged to keep for administrative, legal, or security purposes.<\/p><!-- \/wp:paragraph --><!-- wp:heading --><h2>Where we send your data<\/h2><!-- \/wp:heading --><!-- wp:paragraph --><p>Visitor comments may be checked through an automated spam detection service.<\/p><!-- \/wp:paragraph --><!-- wp:heading --><h2>Your contact information<\/h2><!-- \/wp:heading --><!-- wp:heading --><h2>Additional information<\/h2><!-- \/wp:heading --><!-- wp:heading {\"level\":3} --><h3>How we protect your data<\/h3><!-- \/wp:heading --><!-- wp:heading {\"level\":3} --><h3>What data breach procedures we have in place<\/h3><!-- \/wp:heading --><!-- wp:heading {\"level\":3} --><h3>What third parties we receive data from<\/h3><!-- \/wp:heading --><!-- wp:heading {\"level\":3} --><h3>What automated decision making and\/or profiling we do with user data<\/h3><!-- \/wp:heading --><!-- wp:heading {\"level\":3} --><h3>Industry regulatory disclosure requirements<\/h3><!-- \/wp:heading -->","_et_gb_content_width":"","footnotes":""},"class_list":["post-3","page","type-page","status-publish","hentry"],"yoast_head":"<!-- This site is optimized with the Yoast SEO plugin v24.2 - https:\/\/yoast.com\/wordpress\/plugins\/seo\/ -->\n<title>Aviso Legal y Pol\u00edtica de Privacidad - ProgatBadia<\/title>\n<meta name=\"robots\" content=\"index, follow, max-snippet:-1, max-image-preview:large, max-video-preview:-1\" \/>\n<link rel=\"canonical\" href=\"https:\/\/progatbadia.org\/index.php\/privacy-policy\/\" \/>\n<meta property=\"og:locale\" content=\"es_ES\" \/>\n<meta property=\"og:type\" content=\"article\" \/>\n<meta property=\"og:title\" content=\"Aviso Legal y Pol\u00edtica de Privacidad - ProgatBadia\" \/>\n<meta property=\"og:description\" content=\"AVISO LEGAL Y POL\u00cdTICA DE PRIVACIDAD La confidencialidad y la seguridad son valores primordiales de\u00a0Progat Badia del Vall\u00e8s\u00a0y, en consecuencia, asumimos el compromiso de garantizar la privacidad del Usuario en todo momento y de no recabar informaci\u00f3n innecesaria tal y como establece el Reglamento (UE) 2016\/679 del Parlamento Europeo y el Consejo de 27 de [&hellip;]\" \/>\n<meta property=\"og:url\" content=\"https:\/\/progatbadia.org\/index.php\/privacy-policy\/\" \/>\n<meta property=\"og:site_name\" content=\"ProgatBadia\" \/>\n<meta property=\"article:modified_time\" content=\"2020-12-09T18:13:51+00:00\" \/>\n<meta name=\"twitter:card\" content=\"summary_large_image\" \/>\n<meta name=\"twitter:label1\" content=\"Tiempo de lectura\" \/>\n\t<meta name=\"twitter:data1\" content=\"5 minutos\" \/>\n<script type=\"application\/ld+json\" class=\"yoast-schema-graph\">{\"@context\":\"https:\/\/schema.org\",\"@graph\":[{\"@type\":\"WebPage\",\"@id\":\"https:\/\/progatbadia.org\/index.php\/privacy-policy\/\",\"url\":\"https:\/\/progatbadia.org\/index.php\/privacy-policy\/\",\"name\":\"Aviso Legal y Pol\u00edtica de Privacidad - ProgatBadia\",\"isPartOf\":{\"@id\":\"https:\/\/progatbadia.org\/#website\"},\"datePublished\":\"2020-10-29T18:57:09+00:00\",\"dateModified\":\"2020-12-09T18:13:51+00:00\",\"breadcrumb\":{\"@id\":\"https:\/\/progatbadia.org\/index.php\/privacy-policy\/#breadcrumb\"},\"inLanguage\":\"es\",\"potentialAction\":[{\"@type\":\"ReadAction\",\"target\":[\"https:\/\/progatbadia.org\/index.php\/privacy-policy\/\"]}]},{\"@type\":\"BreadcrumbList\",\"@id\":\"https:\/\/progatbadia.org\/index.php\/privacy-policy\/#breadcrumb\",\"itemListElement\":[{\"@type\":\"ListItem\",\"position\":1,\"name\":\"Portada\",\"item\":\"https:\/\/progatbadia.org\/\"},{\"@type\":\"ListItem\",\"position\":2,\"name\":\"Aviso Legal y Pol\u00edtica de Privacidad\"}]},{\"@type\":\"WebSite\",\"@id\":\"https:\/\/progatbadia.org\/#website\",\"url\":\"https:\/\/progatbadia.org\/\",\"name\":\"ProgatBadia\",\"description\":\"Asociaci\u00f3n rescate gatos Badia del Valles\",\"potentialAction\":[{\"@type\":\"SearchAction\",\"target\":{\"@type\":\"EntryPoint\",\"urlTemplate\":\"https:\/\/progatbadia.org\/?s={search_term_string}\"},\"query-input\":{\"@type\":\"PropertyValueSpecification\",\"valueRequired\":true,\"valueName\":\"search_term_string\"}}],\"inLanguage\":\"es\"}]}<\/script>\n<!-- \/ Yoast SEO plugin. -->","yoast_head_json":{"title":"Aviso Legal y Pol\u00edtica de Privacidad - ProgatBadia","robots":{"index":"index","follow":"follow","max-snippet":"max-snippet:-1","max-image-preview":"max-image-preview:large","max-video-preview":"max-video-preview:-1"},"canonical":"https:\/\/progatbadia.org\/index.php\/privacy-policy\/","og_locale":"es_ES","og_type":"article","og_title":"Aviso Legal y Pol\u00edtica de Privacidad - ProgatBadia","og_description":"AVISO LEGAL Y POL\u00cdTICA DE PRIVACIDAD La confidencialidad y la seguridad son valores primordiales de\u00a0Progat Badia del Vall\u00e8s\u00a0y, en consecuencia, asumimos el compromiso de garantizar la privacidad del Usuario en todo momento y de no recabar informaci\u00f3n innecesaria tal y como establece el Reglamento (UE) 2016\/679 del Parlamento Europeo y el Consejo de 27 de [&hellip;]","og_url":"https:\/\/progatbadia.org\/index.php\/privacy-policy\/","og_site_name":"ProgatBadia","article_modified_time":"2020-12-09T18:13:51+00:00","twitter_card":"summary_large_image","twitter_misc":{"Tiempo de lectura":"5 minutos"},"schema":{"@context":"https:\/\/schema.org","@graph":[{"@type":"WebPage","@id":"https:\/\/progatbadia.org\/index.php\/privacy-policy\/","url":"https:\/\/progatbadia.org\/index.php\/privacy-policy\/","name":"Aviso Legal y Pol\u00edtica de Privacidad - ProgatBadia","isPartOf":{"@id":"https:\/\/progatbadia.org\/#website"},"datePublished":"2020-10-29T18:57:09+00:00","dateModified":"2020-12-09T18:13:51+00:00","breadcrumb":{"@id":"https:\/\/progatbadia.org\/index.php\/privacy-policy\/#breadcrumb"},"inLanguage":"es","potentialAction":[{"@type":"ReadAction","target":["https:\/\/progatbadia.org\/index.php\/privacy-policy\/"]}]},{"@type":"BreadcrumbList","@id":"https:\/\/progatbadia.org\/index.php\/privacy-policy\/#breadcrumb","itemListElement":[{"@type":"ListItem","position":1,"name":"Portada","item":"https:\/\/progatbadia.org\/"},{"@type":"ListItem","position":2,"name":"Aviso Legal y Pol\u00edtica de Privacidad"}]},{"@type":"WebSite","@id":"https:\/\/progatbadia.org\/#website","url":"https:\/\/progatbadia.org\/","name":"ProgatBadia","description":"Asociaci\u00f3n rescate gatos Badia del Valles","potentialAction":[{"@type":"SearchAction","target":{"@type":"EntryPoint","urlTemplate":"https:\/\/progatbadia.org\/?s={search_term_string}"},"query-input":{"@type":"PropertyValueSpecification","valueRequired":true,"valueName":"search_term_string"}}],"inLanguage":"es"}]}},"_links":{"self":[{"href":"https:\/\/progatbadia.org\/index.php\/wp-json\/wp\/v2\/pages\/3","targetHints":{"allow":["GET"]}}],"collection":[{"href":"https:\/\/progatbadia.org\/index.php\/wp-json\/wp\/v2\/pages"}],"about":[{"href":"https:\/\/progatbadia.org\/index.php\/wp-json\/wp\/v2\/types\/page"}],"author":[{"embeddable":true,"href":"https:\/\/progatbadia.org\/index.php\/wp-json\/wp\/v2\/users\/1"}],"replies":[{"embeddable":true,"href":"https:\/\/progatbadia.org\/index.php\/wp-json\/wp\/v2\/comments?post=3"}],"version-history":[{"count":18,"href":"https:\/\/progatbadia.org\/index.php\/wp-json\/wp\/v2\/pages\/3\/revisions"}],"predecessor-version":[{"id":723,"href":"https:\/\/progatbadia.org\/index.php\/wp-json\/wp\/v2\/pages\/3\/revisions\/723"}],"wp:attachment":[{"href":"https:\/\/progatbadia.org\/index.php\/wp-json\/wp\/v2\/media?parent=3"}],"curies":[{"name":"wp","href":"https:\/\/api.w.org\/{rel}","templated":true}]}}